{"id":189,"date":"2024-10-16T13:48:37","date_gmt":"2024-10-16T12:48:37","guid":{"rendered":"https:\/\/parenthesebien-etre.fr\/?page_id=189"},"modified":"2025-02-25T10:57:31","modified_gmt":"2025-02-25T09:57:31","slug":"la-socio-esthetique-2","status":"publish","type":"page","link":"https:\/\/parenthesebien-etre.fr\/index.php\/la-socio-esthetique-2\/","title":{"rendered":"La socio-esth\u00e9tique"},"content":{"rendered":"\n\n\t<section class=\"section dark has-parallax\" id=\"section_802337603\">\n\t\t<div class=\"section-bg fill\" data-parallax-container=\".section\" data-parallax-background data-parallax=\"-5\">\n\t\t\t<img decoding=\"async\" width=\"2560\" height=\"1707\" data-src=\"https:\/\/parenthesebien-etre.fr\/wp-content\/uploads\/2024\/09\/maddi-bazzocco-TOZqUHD8L38-unsplash-scaled.jpg\" class=\"bg attachment-original size-original lazyload\" alt=\"Socio-esth\u00e9tique - Parenth\u00e8se Bien-\u00eatre\" src=\"data:image\/gif;base64,R0lGODlhAQABAAAAACH5BAEKAAEALAAAAAABAAEAAAICTAEAOw==\" style=\"--smush-placeholder-width: 2560px; --smush-placeholder-aspect-ratio: 2560\/1707;\" \/>\t\t\t\t\t\t<div class=\"section-bg-overlay absolute fill\"><\/div>\n\t\t\t\n\n\t\t<\/div>\n\n\t\t\n\n\t\t<div class=\"section-content relative\">\n\t\t\t\n\n\t<div id=\"gap-1181334167\" class=\"gap-element clearfix\" style=\"display:block; height:auto;\">\n\t\t\n<style>\n#gap-1181334167 {\n  padding-top: 30px;\n}\n<\/style>\n\t<\/div>\n\t\n\n<div class=\"row align-center\"  id=\"row-1749542409\">\n\n\n\t<div id=\"col-1222591928\" class=\"col medium-9 small-12 large-9\"  data-animate=\"fadeInUp\">\n\t\t\t\t<div class=\"col-inner text-center text-shadow-5\"  >\n\t\t\t\n\t\t\t\n\n\t<div id=\"text-1217552826\" class=\"text\">\n\t\t\n\n<h3><i>Avec moi, douceur, empathie et bienveillance sont au rendez-vous.<\/i><\/h3>\n\t\t\n<style>\n#text-1217552826 {\n  font-size: 1.5rem;\n  text-align: center;\n}\n@media (min-width:550px) {\n  #text-1217552826 {\n    font-size: 2rem;\n  }\n}\n<\/style>\n\t<\/div>\n\t\n\n\t\t<\/div>\n\t\t\t\t\t<\/div>\n\n\t\n\n<\/div>\n\n\t\t<\/div>\n\n\t\t\n<style>\n#section_802337603 {\n  padding-top: 30px;\n  padding-bottom: 30px;\n  min-height: 400px;\n}\n#section_802337603 .section-bg-overlay {\n  background-color: rgba(0, 0, 0, 0.2);\n}\n#section_802337603 .section-bg img {\n  object-position: 22% 0%;\n}\n@media (min-width:550px) {\n  #section_802337603 {\n    min-height: 500px;\n  }\n  #section_802337603 .section-bg-overlay {\n    background-color: rgba(0, 0, 0, 0.122);\n  }\n}\n@media (min-width:850px) {\n  #section_802337603 {\n    min-height: 550px;\n  }\n}\n<\/style>\n\t<\/section>\n\t\n\n\t<section class=\"section\" id=\"section_778807176\">\n\t\t<div class=\"section-bg fill\" >\n\t\t\t\t\t\t\t\t\t\n\t\t\t\n\n\t\t<\/div>\n\n\t\t\n\n\t\t<div class=\"section-content relative\">\n\t\t\t\n\n<div class=\"row\" style=\"max-width:1200px\" id=\"row-1971961649\">\n\n\n\t<div id=\"col-1296152004\" class=\"col small-12 large-12\"  >\n\t\t\t\t<div class=\"col-inner\"  >\n\t\t\t\n\t\t\t\n\n\t<div id=\"text-1906164257\" class=\"text\">\n\t\t\n\n<h2>La socio-esth\u00e9tique consiste \u00e0 permettre l\u2019acc\u00e8s aux soins de bien-\u00eatre et d\u2019esth\u00e9tisme \u00e0 toutes et tous.<\/h2>\n\t\t\n<style>\n#text-1906164257 {\n  font-size: 1.5rem;\n  text-align: center;\n  color: rgb(255,255,255);\n}\n#text-1906164257 > * {\n  color: rgb(255,255,255);\n}\n<\/style>\n\t<\/div>\n\t\n\n\t\t<\/div>\n\t\t\t\t\t<\/div>\n\n\t\n\n<\/div>\n<div class=\"row row-large align-middle\" style=\"max-width:1200px\" id=\"row-677343545\">\n\n\n\t<div id=\"col-1877765548\" class=\"col medium-10 small-12 large-6\"  >\n\t\t\t\t<div class=\"col-inner text-center\"  >\n\t\t\t\n\t\t\t\n\n\t<div id=\"text-2469603662\" class=\"text\">\n\t\t\n\n<p>En intervention \u00e0 domicile ou en \u00e9tablissement de sant\u00e9, la socio-esth\u00e9ticienne accompagne les personnes fragilis\u00e9es par une maladie, un handicap, le vieillissement, et\/ou la d\u00e9tresse sociale, au travers de soins esth\u00e9tiques de toutes sortes : modelages, soins de la peau, soin des ongles, mise en beaut\u00e9, \u00e9pilations, pose de vernis \u00e0 ongle, etc.<\/p>\n<p>En effet la socio-esth\u00e9tique s\u2019adresse autant aux femmes qu\u2019aux hommes, et concerne un large public :<\/p>\n<p>\u2022 aux personnes en situation de handicap : moteur, mental, sensoriel et\/ou psychologique<\/p>\n<p>\u2022 aux personnes \u00e2g\u00e9es : \u00e0 domicile, en ehpad, en r\u00e9sidence autonomie<\/p>\n<p>\u2022 aux personnes touch\u00e9es par une maladie : exemple : cancer, maladie de charcot, AVC, etc.<\/p>\n<p>\u2022 aux personnes en situation de d\u00e9tresse sociale<\/p>\n<p>\u2022 aux proches aidants : \u00e0 domicile ou par le biais d\u2019associations<\/p>\n\t\t\n<style>\n#text-2469603662 {\n  color: rgb(255,255,255);\n}\n#text-2469603662 > * {\n  color: rgb(255,255,255);\n}\n<\/style>\n\t<\/div>\n\t\n\t<div id=\"gap-1983231629\" class=\"gap-element clearfix\" style=\"display:block; height:auto;\">\n\t\t\n<style>\n#gap-1983231629 {\n  padding-top: 30px;\n}\n<\/style>\n\t<\/div>\n\t\n\n<a data-animate=\"fadeInUp\" href=\"https:\/\/coachingenbonheur.fr\/?page_id=507\" class=\"button white box-shadow-1 box-shadow-3-hover lowercase\"  >\n\t\t<span>D\u00e9couvrir mes tarifs<\/span>\n\t<\/a>\n\n\n\n\t\t<\/div>\n\t\t\t\t\n<style>\n#col-1877765548 > .col-inner {\n  padding: 0px 0 0px 0px;\n}\n@media (min-width:850px) {\n  #col-1877765548 > .col-inner {\n    padding: 0px 40px 0px 0px;\n  }\n}\n<\/style>\n\t<\/div>\n\n\t\n\n\t<div id=\"col-28884506\" class=\"col medium-6 small-12 large-6\"  >\n\t\t\t\t<div class=\"col-inner\"  >\n\t\t\t\n\t\t\t\n\n\t<div class=\"img has-hover x md-x lg-x y md-y lg-y\" id=\"image_181695636\">\n\t\t\t\t\t\t\t\t<div class=\"img-inner dark\" >\n\t\t\t<img decoding=\"async\" width=\"1080\" height=\"1080\" data-src=\"https:\/\/parenthesebien-etre.fr\/wp-content\/uploads\/2024\/11\/att.OV4gs9sm8Fp1jQWhWCXGXSDZoGG5hX7lu1tq0pJmwO0.jpg\" class=\"attachment-original size-original lazyload\" alt=\"Les ateliers collectifs - Etablissement - Parenth\u00e8se Bien-\u00eatre\" data-srcset=\"https:\/\/parenthesebien-etre.fr\/wp-content\/uploads\/2024\/11\/att.OV4gs9sm8Fp1jQWhWCXGXSDZoGG5hX7lu1tq0pJmwO0.jpg 1080w, https:\/\/parenthesebien-etre.fr\/wp-content\/uploads\/2024\/11\/att.OV4gs9sm8Fp1jQWhWCXGXSDZoGG5hX7lu1tq0pJmwO0-300x300.jpg 300w, https:\/\/parenthesebien-etre.fr\/wp-content\/uploads\/2024\/11\/att.OV4gs9sm8Fp1jQWhWCXGXSDZoGG5hX7lu1tq0pJmwO0-1024x1024.jpg 1024w, https:\/\/parenthesebien-etre.fr\/wp-content\/uploads\/2024\/11\/att.OV4gs9sm8Fp1jQWhWCXGXSDZoGG5hX7lu1tq0pJmwO0-150x150.jpg 150w, https:\/\/parenthesebien-etre.fr\/wp-content\/uploads\/2024\/11\/att.OV4gs9sm8Fp1jQWhWCXGXSDZoGG5hX7lu1tq0pJmwO0-768x768.jpg 768w, https:\/\/parenthesebien-etre.fr\/wp-content\/uploads\/2024\/11\/att.OV4gs9sm8Fp1jQWhWCXGXSDZoGG5hX7lu1tq0pJmwO0-600x600.jpg 600w, https:\/\/parenthesebien-etre.fr\/wp-content\/uploads\/2024\/11\/att.OV4gs9sm8Fp1jQWhWCXGXSDZoGG5hX7lu1tq0pJmwO0-100x100.jpg 100w\" data-sizes=\"(max-width: 1080px) 100vw, 1080px\" src=\"data:image\/gif;base64,R0lGODlhAQABAAAAACH5BAEKAAEALAAAAAABAAEAAAICTAEAOw==\" style=\"--smush-placeholder-width: 1080px; --smush-placeholder-aspect-ratio: 1080\/1080;\" \/>\t\t\t\t\t\t\n\t\t\t\t\t<\/div>\n\t\t\t\t\t\t\t\t\n<style>\n#image_181695636 {\n  width: 100%;\n}\n<\/style>\n\t<\/div>\n\t\n\n\n\t\t<\/div>\n\t\t\t\t\t<\/div>\n\n\t\n\n<\/div>\n\t<div id=\"gap-1271558675\" class=\"gap-element clearfix\" style=\"display:block; height:auto;\">\n\t\t\n<style>\n#gap-1271558675 {\n  padding-top: 30px;\n}\n<\/style>\n\t<\/div>\n\t\n\n\n\t\t<\/div>\n\n\t\t\n<style>\n#section_778807176 {\n  padding-top: 80px;\n  padding-bottom: 80px;\n  background-color: #f9ae8f;\n}\n<\/style>\n\t<\/section>\n\t\n\n\t<section class=\"section hide-for-small\" id=\"section_894601114\">\n\t\t<div class=\"section-bg fill\" >\n\t\t\t<img decoding=\"async\" width=\"2560\" height=\"1920\" data-src=\"https:\/\/parenthesebien-etre.fr\/wp-content\/uploads\/2024\/10\/josh-appel-0nkFvdcM-X4-unsplash-scaled.jpg\" class=\"bg attachment-original size-original lazyload\" alt=\"Socio-esth\u00e9tique - Parenth\u00e8se Bien-\u00eatre\" src=\"data:image\/gif;base64,R0lGODlhAQABAAAAACH5BAEKAAEALAAAAAABAAEAAAICTAEAOw==\" style=\"--smush-placeholder-width: 2560px; --smush-placeholder-aspect-ratio: 2560\/1920;\" \/>\t\t\t\t\t\t\n\t\t\t\n\n\t\t<\/div>\n\n\t\t\n\n\t\t<div class=\"section-content relative\">\n\t\t\t\n\n<div class=\"row\" style=\"max-width:1200px\" id=\"row-1939846316\">\n\n\n\t<div id=\"col-270608647\" class=\"col medium-5 small-12 large-5\"  >\n\t\t\t\t<div class=\"col-inner\"  >\n\t\t\t\n\t\t\t\n\n\n\t\t<\/div>\n\t\t\t\t\t<\/div>\n\n\t\n\n\t<div id=\"col-699257696\" class=\"col medium-12 small-12 large-7\"  >\n\t\t\t\t<div class=\"col-inner text-shadow-5\"  >\n\t\t\t\n\t\t\t\n\n\t<div id=\"gap-792077118\" class=\"gap-element clearfix\" style=\"display:block; height:auto;\">\n\t\t\n<style>\n#gap-792077118 {\n  padding-top: 30px;\n}\n<\/style>\n\t<\/div>\n\t\n\n\n\t\t<\/div>\n\t\t\t\t\n<style>\n#col-699257696 > .col-inner {\n  padding: 0px 0px 0px 0;\n}\n@media (min-width:550px) {\n  #col-699257696 > .col-inner {\n    padding: 0px 0px 0px 30px;\n  }\n}\n<\/style>\n\t<\/div>\n\n\t\n\n<\/div>\n\n\t\t<\/div>\n\n\t\t\n<style>\n#section_894601114 {\n  padding-top: 30px;\n  padding-bottom: 30px;\n  min-height: 300px;\n}\n#section_894601114 .section-bg img {\n  object-position: 71% 30%;\n}\n@media (min-width:550px) {\n  #section_894601114 {\n    min-height: 450px;\n  }\n}\n@media (min-width:850px) {\n  #section_894601114 {\n    min-height: 400px;\n  }\n}\n<\/style>\n\t<\/section>\n\t\n<div class=\"row\" style=\"max-width:1200px\" id=\"row-1502589248\">\n\n\n\t<div id=\"col-1110898627\" class=\"col medium-12 small-12 large-5\"  >\n\t\t\t\t<div class=\"col-inner\"  >\n\t\t\t\n\t\t\t\n\n\n  <div class=\"banner has-hover\" id=\"banner-447553654\">\n          <div class=\"banner-inner fill\">\n        <div class=\"banner-bg fill\" >\n            <img decoding=\"async\" width=\"3024\" height=\"4032\" data-src=\"https:\/\/parenthesebien-etre.fr\/wp-content\/uploads\/2024\/10\/att.4vJmaqkpASEbzvQJDNKwzuJB7lH0YRIJXRtpqfCEG4g.png\" class=\"bg attachment-original size-original lazyload\" alt=\"Qui suis-je ? - Socio-esth\u00e9tique - Parenth\u00e8se Bien-\u00eatre\" src=\"data:image\/gif;base64,R0lGODlhAQABAAAAACH5BAEKAAEALAAAAAABAAEAAAICTAEAOw==\" style=\"--smush-placeholder-width: 3024px; --smush-placeholder-aspect-ratio: 3024\/4032;\" \/>                                    \n                    <\/div>\n\t\t\n        <div class=\"banner-layers container\">\n            <div class=\"fill banner-link\"><\/div>            \n\n   <div id=\"text-box-1703171511\" class=\"text-box banner-layer x50 md-x50 lg-x50 y50 md-y50 lg-y50 res-text\">\n                                <div class=\"text-box-content text dark\">\n              \n              <div class=\"text-inner text-center\">\n                  \n\n\n              <\/div>\n           <\/div>\n                            \n<style>\n#text-box-1703171511 {\n  width: 60%;\n}\n#text-box-1703171511 .text-box-content {\n  font-size: 100%;\n}\n@media (min-width:550px) {\n  #text-box-1703171511 {\n    width: 60%;\n  }\n}\n<\/style>\n    <\/div>\n \n\n        <\/div>\n      <\/div>\n\n            \n<style>\n#banner-447553654 {\n  padding-top: 300px;\n  background-color: rgb(255, 255, 255);\n}\n#banner-447553654 .banner-bg img {\n  object-position: 84% 62%;\n}\n@media (min-width:550px) {\n  #banner-447553654 {\n    padding-top: 500px;\n  }\n}\n@media (min-width:850px) {\n  #banner-447553654 {\n    padding-top: 693px;\n  }\n}\n<\/style>\n  <\/div>\n\n\n\t<div id=\"gap-141427629\" class=\"gap-element clearfix\" style=\"display:block; height:auto;\">\n\t\t\n<style>\n#gap-141427629 {\n  padding-top: 0px;\n}\n@media (min-width:850px) {\n  #gap-141427629 {\n    padding-top: 100px;\n  }\n}\n<\/style>\n\t<\/div>\n\t\n\n\n\t\t<\/div>\n\t\t\t\t\n<style>\n#col-1110898627 > .col-inner {\n  margin: -100px 0px 0px 0px;\n}\n@media (min-width:550px) {\n  #col-1110898627 > .col-inner {\n    margin: -150px 0px 0px 0px;\n  }\n}\n@media (min-width:850px) {\n  #col-1110898627 > .col-inner {\n    margin: -300px 0px 0px 0px;\n  }\n}\n<\/style>\n\t<\/div>\n\n\t\n\n\t<div id=\"col-1135341637\" class=\"col medium-11 small-12 large-7\"  >\n\t\t\t\t<div class=\"col-inner\"  >\n\t\t\t\n\t\t\t\n\n\t<div id=\"text-1061944391\" class=\"text\">\n\t\t\n\n<h3><strong>Accompagnement des personnes en situation du handicap<\/strong><\/h3>\n\t\t\n<style>\n#text-1061944391 {\n  font-size: 1.5rem;\n  color: #f9ae8f;\n}\n#text-1061944391 > * {\n  color: #f9ae8f;\n}\n@media (min-width:550px) {\n  #text-1061944391 {\n    font-size: 1.5rem;\n  }\n}\n<\/style>\n\t<\/div>\n\t\n<p>Le rapport au corps et au toucher est parfois compliqu\u00e9 lorsqu\u2019une personne est en situation de handicap. En effet, le corps est souvent source de douleurs et d\u2019angoisses, la personne ne se sent pas toujours bien dans sa peau et la repr\u00e9sentation de son sch\u00e9ma corporel peut \u00eatre alt\u00e9r\u00e9e. Les maux de l\u2019esprit sont aussi tr\u00e8s perturbants et affectent l\u2019image qu\u2019un individu a de lui-m\u00eame, pouvant l\u2019amener \u00e0 avoir une tr\u00e8s faible estime de soi voire \u00e0 se faire du mal.<\/p>\n<p>Pourtant, \u00eatre porteur d\u2019un handicap quel qu\u2019il soit ne doit pas emp\u00eacher de prendre soin de soi et de s\u2019aimer \u00e0 sa juste valeur.<\/p>\n<p>Dans ce cadre, la socio-esth\u00e9tique peut \u00eatre une v\u00e9ritable source de mieux-\u00eatre corporel et psychologique car elle permet d\u2019acc\u00e9der \u00e0 des soins qui, pour \u00abMonsieur et Madame tout-le-monde\u00bb semblent courants mais qui ne sont malheureusement pas toujours accessibles pour des personnes en situation de handicap. Ainsi, la socio-esth\u00e9tique r\u00e9tablit une bonne estime de soi et am\u00e9liore la qualit\u00e9 de vie de ces personnes.<\/p>\n\n\t\t<\/div>\n\t\t\t\t\n<style>\n#col-1135341637 > .col-inner {\n  padding: 0px 0px 0px 0;\n}\n@media (min-width:550px) {\n  #col-1135341637 > .col-inner {\n    padding: 0px 0px 0px 30px;\n  }\n}\n<\/style>\n\t<\/div>\n\n\t\n\n<\/div>\n\n\t<section class=\"section dark\" id=\"section_1977423717\">\n\t\t<div class=\"section-bg fill\" >\n\t\t\t\t\t\t\t\t\t\n\t\t\t\n\n\t\t<\/div>\n\n\t\t\n\n\t\t<div class=\"section-content relative\">\n\t\t\t\n\n<div class=\"row align-bottom\" style=\"max-width:1200px\" id=\"row-999787730\">\n\n\n\t<div id=\"col-193471321\" class=\"col medium-12 small-12 large-6\"  >\n\t\t\t\t<div class=\"col-inner\"  >\n\t\t\t\n\t\t\t\n\n\t<div id=\"text-2255898165\" class=\"text\">\n\t\t\n\n<h2><i>N&rsquo;h\u00e9sitez plus : offrez du bonheur \u00e0 vos proches !<\/i><\/h2>\n\t\t\n<style>\n#text-2255898165 {\n  font-size: 1.5rem;\n}\n@media (min-width:550px) {\n  #text-2255898165 {\n    font-size: 1.5rem;\n  }\n}\n<\/style>\n\t<\/div>\n\t\n\n\t\t<\/div>\n\t\t\t\t\t<\/div>\n\n\t\n\n\t<div id=\"col-1054024805\" class=\"col medium-12 small-12 large-6\"  >\n\t\t\t\t<div class=\"col-inner\"  >\n\t\t\t\n\t\t\t\n\n<a data-animate=\"fadeInUp\" href=\"https:\/\/parenthesebien-etre.fr\/index.php\/contact\/\" class=\"button white box-shadow-3-hover expand\"  style=\"padding:5px 0px 5px 0px;\">\n\t\t<span>\u00catre accompagn\u00e9(e)<\/span>\n\t<\/a>\n\n\n\n\t\t<\/div>\n\t\t\t\t\n<style>\n#col-1054024805 > .col-inner {\n  padding: 0px 0px 0px 0;\n  margin: 0 0px 0px 0px;\n}\n@media (min-width:850px) {\n  #col-1054024805 > .col-inner {\n    padding: 0px 0px 0px 30px;\n    margin: -70px 0px 0px 0px;\n  }\n}\n<\/style>\n\t<\/div>\n\n\t\n\n<\/div>\n\t<div id=\"gap-1991241204\" class=\"gap-element clearfix\" style=\"display:block; height:auto;\">\n\t\t\n<style>\n#gap-1991241204 {\n  padding-top: 50px;\n}\n<\/style>\n\t<\/div>\n\t\n\n\n\t\t<\/div>\n\n\t\t\n<style>\n#section_1977423717 {\n  padding-top: 80px;\n  padding-bottom: 80px;\n  background-color: #f9ae8f;\n}\n<\/style>\n\t<\/section>\n\t\n\n\t<section class=\"section\" id=\"section_2141676635\">\n\t\t<div class=\"section-bg fill\" >\n\t\t\t\t\t\t\t\t\t\n\t\t\t\n\n\t\t<\/div>\n\n\t\t\n\n\t\t<div class=\"section-content relative\">\n\t\t\t\n\n<div class=\"row\" style=\"max-width:1200px\" id=\"row-32927379\">\n\n\n\t<div id=\"col-1615036788\" class=\"col small-12 large-12\"  >\n\t\t\t\t<div class=\"col-inner\"  >\n\t\t\t\n\t\t\t\n\n\n  <div class=\"banner has-hover has-parallax\" id=\"banner-699404878\">\n          <div class=\"banner-inner fill\">\n        <div class=\"banner-bg fill\" data-parallax=\"-4\" data-parallax-container=\".banner\" data-parallax-background>\n            <img decoding=\"async\" width=\"1348\" height=\"899\" data-src=\"https:\/\/parenthesebien-etre.fr\/wp-content\/uploads\/2024\/10\/SocioEsthetique-Hopital-Prive-Sevigne-Nursing-Touch.jpg\" class=\"bg attachment-original size-original lazyload\" alt=\"Socio-esth\u00e9tique - Parenth\u00e8se Bien-\u00eatre\" src=\"data:image\/gif;base64,R0lGODlhAQABAAAAACH5BAEKAAEALAAAAAABAAEAAAICTAEAOw==\" style=\"--smush-placeholder-width: 1348px; --smush-placeholder-aspect-ratio: 1348\/899;\" \/>                                    \n                    <\/div>\n\t\t\n        <div class=\"banner-layers container\">\n            <div class=\"fill banner-link\"><\/div>            \n\n   <div id=\"text-box-1897775993\" class=\"text-box banner-layer x50 md-x50 lg-x50 y50 md-y50 lg-y50 res-text\">\n                                <div class=\"text-box-content text dark\">\n              \n              <div class=\"text-inner text-center\">\n                  \n\n\n              <\/div>\n           <\/div>\n                            \n<style>\n#text-box-1897775993 {\n  width: 60%;\n}\n#text-box-1897775993 .text-box-content {\n  font-size: 100%;\n}\n@media (min-width:550px) {\n  #text-box-1897775993 {\n    width: 60%;\n  }\n}\n<\/style>\n    <\/div>\n \n\n        <\/div>\n      <\/div>\n\n            \n<style>\n#banner-699404878 {\n  padding-top: 200px;\n  background-color: rgb(255, 255, 255);\n}\n#banner-699404878 .banner-bg img {\n  object-position: 17% 29%;\n}\n@media (min-width:550px) {\n  #banner-699404878 {\n    padding-top: 350px;\n  }\n}\n@media (min-width:850px) {\n  #banner-699404878 {\n    padding-top: 400px;\n  }\n}\n<\/style>\n  <\/div>\n\n\n\n\t\t<\/div>\n\t\t\t\t\n<style>\n#col-1615036788 > .col-inner {\n  margin: -120px 0px 0px 0px;\n}\n<\/style>\n\t<\/div>\n\n\t\n\n<\/div>\n<div class=\"row align-center\" style=\"max-width:1200px\" id=\"row-897113085\">\n\n\n\t<div id=\"col-1656763608\" class=\"col medium-10 small-12 large-6\"  >\n\t\t\t\t<div class=\"col-inner\"  >\n\t\t\t\n\t\t\t\n\n\t<div id=\"gap-2000247547\" class=\"gap-element clearfix\" style=\"display:block; height:auto;\">\n\t\t\n<style>\n#gap-2000247547 {\n  padding-top: 30px;\n}\n<\/style>\n\t<\/div>\n\t\n\n\t<div class=\"img has-hover x md-x lg-x y md-y lg-y\" id=\"image_841237697\">\n\t\t\t\t\t\t\t\t<div class=\"img-inner image-cover dark\" style=\"padding-top:355px;\">\n\t\t\t<img decoding=\"async\" width=\"600\" height=\"400\" data-src=\"https:\/\/parenthesebien-etre.fr\/wp-content\/uploads\/2024\/10\/orialys-accompagnement-personnes-agees-dependantes-02-1.jpg\" class=\"attachment-original size-original lazyload\" alt=\"Socio-esth\u00e9tique - Parenth\u00e8se Bien-\u00eatre\" data-srcset=\"https:\/\/parenthesebien-etre.fr\/wp-content\/uploads\/2024\/10\/orialys-accompagnement-personnes-agees-dependantes-02-1.jpg 600w, https:\/\/parenthesebien-etre.fr\/wp-content\/uploads\/2024\/10\/orialys-accompagnement-personnes-agees-dependantes-02-1-300x200.jpg 300w\" data-sizes=\"(max-width: 600px) 100vw, 600px\" src=\"data:image\/gif;base64,R0lGODlhAQABAAAAACH5BAEKAAEALAAAAAABAAEAAAICTAEAOw==\" style=\"--smush-placeholder-width: 600px; --smush-placeholder-aspect-ratio: 600\/400;\" \/>\t\t\t\t\t\t\n\t\t\t\t\t<\/div>\n\t\t\t\t\t\t\t\t\n<style>\n#image_841237697 {\n  width: 100%;\n}\n<\/style>\n\t<\/div>\n\t\n\n\n\t\t<\/div>\n\t\t\t\t\t<\/div>\n\n\t\n\n\t<div id=\"col-1948303254\" class=\"col medium-10 small-12 large-6\"  >\n\t\t\t\t<div class=\"col-inner\"  >\n\t\t\t\n\t\t\t\n\n\t<div id=\"text-2183098318\" class=\"text\">\n\t\t\n\n<h3><strong>Accompagnement des personnes \u00e2g\u00e9es<\/strong><\/h3>\n\t\t\n<style>\n#text-2183098318 {\n  font-size: 1.5rem;\n  text-align: center;\n  color: rgb(0,0,0);\n}\n#text-2183098318 > * {\n  color: rgb(0,0,0);\n}\n<\/style>\n\t<\/div>\n\t\n\t<div id=\"gap-655312028\" class=\"gap-element clearfix\" style=\"display:block; height:auto;\">\n\t\t\n<style>\n#gap-655312028 {\n  padding-top: 10px;\n}\n<\/style>\n\t<\/div>\n\t\n\n\t<div id=\"text-2775984142\" class=\"text\">\n\t\t\n\n<p>Pour beaucoup de personnes \u00e2g\u00e9es prendre soin d\u2019elles est devenu secondaire voir m\u00eame exclu de leur quotidien. A cela peuvent s\u2019ajouter des troubles cognitifs qui alt\u00e8rent leur sens et la perception de leur corps.<\/p>\n<p>Cependant, \u00e0 tous les \u00e2ges il est primordial de s\u2019accorder du temps pour prendre soin de soi.<\/p>\n<p>Tout en adaptant les soins et les produits, la socio-esth\u00e9ticienne apporte aux personnes \u00e2g\u00e9es du mieux-\u00eatre physique et moral, de la revalorisation de soi et une \u00e9coute privil\u00e9gi\u00e9e.<\/p>\n\t\t\n<style>\n#text-2775984142 {\n  text-align: left;\n}\n<\/style>\n\t<\/div>\n\t\n<a href=\"https:\/\/parenthesebien-etre.fr\/index.php\/contact\/\" class=\"button primary\"  >\n\t\t<span>Prendre rendez-vous<\/span>\n\t<\/a>\n\n\n\n\t\t<\/div>\n\t\t\t\t\t<\/div>\n\n\t\n\n<\/div>\n\n\t\t<\/div>\n\n\t\t\n<style>\n#section_2141676635 {\n  padding-top: 30px;\n  padding-bottom: 30px;\n}\n<\/style>\n\t<\/section>\n\t\n\n\t<section class=\"section\" id=\"section_509375082\">\n\t\t<div class=\"section-bg fill\" >\n\t\t\t\t\t\t\t\t\t\n\t\t\t\n\n\t\t<\/div>\n\n\t\t\n\n\t\t<div class=\"section-content relative\">\n\t\t\t\n\n<div class=\"row align-center\" style=\"max-width:1200px\" id=\"row-232233099\">\n\n\n\t<div id=\"col-1175581526\" class=\"col medium-10 small-12 large-6\"  >\n\t\t\t\t<div class=\"col-inner\"  >\n\t\t\t\n\t\t\t\n\n\t<div id=\"text-373185355\" class=\"text\">\n\t\t\n\n<div class=\"sc-eqPNPO dNcwbB\">\n<div id=\"text-headline-d7988220\" class=\"sc-iGPElx dCwVts\">\n<h3 dir=\"ltr\"><span style=\"color: #282828;\"><strong>Accompagnements des personnes touch\u00e9es par une maladie<\/strong><\/span><\/h3>\n<\/div>\n<\/div>\n\t\t\n<style>\n#text-373185355 {\n  font-size: 1.5rem;\n  text-align: center;\n  color: rgb(0,0,0);\n}\n#text-373185355 > * {\n  color: rgb(0,0,0);\n}\n<\/style>\n\t<\/div>\n\t\n\t<div id=\"gap-680308639\" class=\"gap-element clearfix\" style=\"display:block; height:auto;\">\n\t\t\n<style>\n#gap-680308639 {\n  padding-top: 10px;\n}\n<\/style>\n\t<\/div>\n\t\n\n\t<div id=\"text-3830694550\" class=\"text\">\n\t\t\n\n<p>Vivre avec une maladie n\u2019est pas anodin, cela a des r\u00e9percussions lourdes au quotidien : fatigue, douleurs, stress, effets secondaires des m\u00e9dicaments, etc.<\/p>\n<p>Gr\u00e2ce \u00e0 la socio-esth\u00e9tique, les personnes malades peuvent b\u00e9n\u00e9ficier d\u2019une r\u00e9elle parenth\u00e8se de bien-\u00eatre afin d\u2019apporter \u00e0 leur corps souvent ab\u00eem\u00e9 de la douceur et du confort, de penser \u00e0 autre chose, de laisser la maladie de cot\u00e9 le temps de la s\u00e9ance et s\u2019octroyer du temps rien que pour soi.<\/p>\n<p>PAR EXEMPLE, pour une personne atteinte d\u2019un cancer la socio-esth\u00e9tique a de nombreux bienfaits :<\/p>\n<p>En premier lieu, la socio-esth\u00e9tique propose des soins de la peau et des ongles afin de les prot\u00e9ger des traitements anticanc\u00e9reux et de faciliter leur r\u00e9paration par des soins nourrissants et enrichis. L&rsquo;utilisation de produits cosm\u00e9tiques sp\u00e9cialis\u00e9s en canc\u00e9rologie est associ\u00e9 \u00e0 cela permettant de pr\u00e9venir et \u00e9viter l&rsquo;apparition des effets secondaires sur la peau et les phan\u00e8res.\u00a0<\/p>\n<p>La socio-esth\u00e9tique propose aussi des moments de d\u00e9tente par des modelages du corps et du visage afin que la personne puisse se relaxer, se reposer et recharger les batteries pour la suite de son parcours.<\/p>\n<p>De plus, la socio-esth\u00e9ticienne apprend \u00e0 la personne \u00e0 redessiner ses sourcils, \u00e0 palier \u00e0 l\u2019absence de cils et \u00e0 se redonner bonne mine par des techniques de maquillage adapt\u00e9es.<\/p>\n\t\t\n<style>\n#text-3830694550 {\n  text-align: left;\n  color: rgb(255,255,255);\n}\n#text-3830694550 > * {\n  color: rgb(255,255,255);\n}\n<\/style>\n\t<\/div>\n\t\n\n\t\t<\/div>\n\t\t\t\t\t<\/div>\n\n\t\n\n\t<div id=\"col-1430449528\" class=\"col medium-10 small-12 large-6\"  >\n\t\t\t\t<div class=\"col-inner\"  >\n\t\t\t\n\t\t\t\n\n\t<div id=\"gap-1396009850\" class=\"gap-element clearfix\" style=\"display:block; height:auto;\">\n\t\t\n<style>\n#gap-1396009850 {\n  padding-top: 58px;\n}\n<\/style>\n\t<\/div>\n\t\n\n\t<div class=\"img has-hover x md-x lg-x y md-y lg-y\" id=\"image_1100982224\">\n\t\t\t\t\t\t\t\t<div class=\"img-inner image-cover dark\" style=\"padding-top:355px;\">\n\t\t\t<img decoding=\"async\" width=\"2560\" height=\"1707\" data-src=\"https:\/\/parenthesebien-etre.fr\/wp-content\/uploads\/2024\/10\/sean-stratton-ObpCE_X3j6U-unsplash-scaled.jpg\" class=\"attachment-original size-original lazyload\" alt=\"Particulier - Parenth\u00e8se Bien-\u00eatre\" data-srcset=\"https:\/\/parenthesebien-etre.fr\/wp-content\/uploads\/2024\/10\/sean-stratton-ObpCE_X3j6U-unsplash-scaled.jpg 2560w, https:\/\/parenthesebien-etre.fr\/wp-content\/uploads\/2024\/10\/sean-stratton-ObpCE_X3j6U-unsplash-300x200.jpg 300w, https:\/\/parenthesebien-etre.fr\/wp-content\/uploads\/2024\/10\/sean-stratton-ObpCE_X3j6U-unsplash-1024x683.jpg 1024w, https:\/\/parenthesebien-etre.fr\/wp-content\/uploads\/2024\/10\/sean-stratton-ObpCE_X3j6U-unsplash-768x512.jpg 768w, https:\/\/parenthesebien-etre.fr\/wp-content\/uploads\/2024\/10\/sean-stratton-ObpCE_X3j6U-unsplash-1536x1024.jpg 1536w, https:\/\/parenthesebien-etre.fr\/wp-content\/uploads\/2024\/10\/sean-stratton-ObpCE_X3j6U-unsplash-2048x1365.jpg 2048w, https:\/\/parenthesebien-etre.fr\/wp-content\/uploads\/2024\/10\/sean-stratton-ObpCE_X3j6U-unsplash-600x400.jpg 600w\" data-sizes=\"(max-width: 2560px) 100vw, 2560px\" src=\"data:image\/gif;base64,R0lGODlhAQABAAAAACH5BAEKAAEALAAAAAABAAEAAAICTAEAOw==\" style=\"--smush-placeholder-width: 2560px; --smush-placeholder-aspect-ratio: 2560\/1707;\" \/>\t\t\t\t\t\t\n\t\t\t\t\t<\/div>\n\t\t\t\t\t\t\t\t\n<style>\n#image_1100982224 {\n  width: 100%;\n}\n<\/style>\n\t<\/div>\n\t\n\n\t<div id=\"text-3052641242\" class=\"text\">\n\t\t\n\n<p>L&rsquo;apport de pr\u00e9cieux conseils est \u00e9galement important afin que les personnes malades adoptent des habitudes au quotidien permettant de prot\u00e9ger leur peau et leurs ongles.<\/p>\n<p>Enfin, et c\u2019est peut-\u00eatre la raison la plus importante de faire appel \u00e0 une socio-esth\u00e9ticienne, elle est un v\u00e9ritable soutient moral pour une personne traversant ce type d\u2019\u00e9preuve.<\/p>\n<p>D\u00e9j\u00e0 par l\u2019apport des soins de bien-\u00eatre r\u00e9confortants, relaxants et revalorisants cit\u00e9s ci-dessus, elle permet \u00e0 la personne de se sentir mieux dans sa peau. Et, elle apporte surtout sans jugement et avec la plus grande empathie une \u00e9coute active et attentive qui fait du bien pour que chacun(e) se sente en confiance et libre de verbaliser ce qu\u2019il\/elle ressent s\u2019il\/elle le souhaite.<\/p>\n\t\t\n<style>\n#text-3052641242 {\n  color: rgb(255,255,255);\n}\n#text-3052641242 > * {\n  color: rgb(255,255,255);\n}\n<\/style>\n\t<\/div>\n\t\n\n\t\t<\/div>\n\t\t\t\t\t<\/div>\n\n\t\n\n<\/div>\n\n\t\t<\/div>\n\n\t\t\n<style>\n#section_509375082 {\n  padding-top: 30px;\n  padding-bottom: 30px;\n  background-color: #f9ae8f;\n}\n<\/style>\n\t<\/section>\n\t\n\n\t<section class=\"section\" id=\"section_70194747\">\n\t\t<div class=\"section-bg fill\" >\n\t\t\t\t\t\t\t\t\t\n\t\t\t\n\n\t\t<\/div>\n\n\t\t\n\n\t\t<div class=\"section-content relative\">\n\t\t\t\n\n<div class=\"row align-middle align-center\" style=\"max-width:1200px\" id=\"row-1596359613\">\n\n\n\t<div id=\"col-1072792119\" class=\"col medium-10 small-12 large-6\"  >\n\t\t\t\t<div class=\"col-inner text-center\"  >\n\t\t\t\n\t\t\t\n\n\t<div id=\"gap-1751834834\" class=\"gap-element clearfix\" style=\"display:block; height:auto;\">\n\t\t\n<style>\n#gap-1751834834 {\n  padding-top: 58px;\n}\n<\/style>\n\t<\/div>\n\t\n\n\t<div class=\"img has-hover x md-x lg-x y md-y lg-y\" id=\"image_910637122\">\n\t\t\t\t\t\t\t\t<div class=\"img-inner dark\" >\n\t\t\t<img decoding=\"async\" width=\"1536\" height=\"2048\" data-src=\"https:\/\/parenthesebien-etre.fr\/wp-content\/uploads\/2025\/02\/att.i6suhIJSuR7PR5D3D9UXFkOMcPfFeOr8dGXlwAzxcq8.jpg\" class=\"attachment-original size-original lazyload\" alt=\"Accompagnement des personnes en situation de d\u00e9tresse sociale - Socio-esth\u00e9tique - Parenth\u00e8se Bien-\u00eatre\" data-srcset=\"https:\/\/parenthesebien-etre.fr\/wp-content\/uploads\/2025\/02\/att.i6suhIJSuR7PR5D3D9UXFkOMcPfFeOr8dGXlwAzxcq8.jpg 1536w, https:\/\/parenthesebien-etre.fr\/wp-content\/uploads\/2025\/02\/att.i6suhIJSuR7PR5D3D9UXFkOMcPfFeOr8dGXlwAzxcq8-225x300.jpg 225w, https:\/\/parenthesebien-etre.fr\/wp-content\/uploads\/2025\/02\/att.i6suhIJSuR7PR5D3D9UXFkOMcPfFeOr8dGXlwAzxcq8-768x1024.jpg 768w, https:\/\/parenthesebien-etre.fr\/wp-content\/uploads\/2025\/02\/att.i6suhIJSuR7PR5D3D9UXFkOMcPfFeOr8dGXlwAzxcq8-1152x1536.jpg 1152w, https:\/\/parenthesebien-etre.fr\/wp-content\/uploads\/2025\/02\/att.i6suhIJSuR7PR5D3D9UXFkOMcPfFeOr8dGXlwAzxcq8-600x800.jpg 600w\" data-sizes=\"(max-width: 1536px) 100vw, 1536px\" src=\"data:image\/gif;base64,R0lGODlhAQABAAAAACH5BAEKAAEALAAAAAABAAEAAAICTAEAOw==\" style=\"--smush-placeholder-width: 1536px; --smush-placeholder-aspect-ratio: 1536\/2048;\" \/>\t\t\t\t\t\t\n\t\t\t\t\t<\/div>\n\t\t\t\t\t\t\t\t\n<style>\n#image_910637122 {\n  width: 79%;\n}\n<\/style>\n\t<\/div>\n\t\n\n\n\t\t<\/div>\n\t\t\t\t\t<\/div>\n\n\t\n\n\t<div id=\"col-989905460\" class=\"col medium-10 small-12 large-6\"  >\n\t\t\t\t<div class=\"col-inner\"  >\n\t\t\t\n\t\t\t\n\n\t<div id=\"text-418253167\" class=\"text\">\n\t\t\n\n<div class=\"sc-eqPNPO fAyvMG\">\n<div id=\"text-headline-befb14f0\" class=\"sc-iGPElx dCwVts\">\n<h2 dir=\"ltr\"><span style=\"color: #282828;\"><strong>Accompagnement des personnes en situation de d\u00e9tresse sociale <\/strong><\/span><\/h2>\n<\/div>\n<\/div>\n\t\t\n<style>\n#text-418253167 {\n  font-size: 1.5rem;\n  text-align: center;\n  color: rgb(0,0,0);\n}\n#text-418253167 > * {\n  color: rgb(0,0,0);\n}\n<\/style>\n\t<\/div>\n\t\n\t<div id=\"gap-73976129\" class=\"gap-element clearfix\" style=\"display:block; height:auto;\">\n\t\t\n<style>\n#gap-73976129 {\n  padding-top: 10px;\n}\n<\/style>\n\t<\/div>\n\t\n\n\t<div id=\"text-1901565000\" class=\"text\">\n\t\t\n\n<div>\n<div id=\"headline-a49549a4\">\n<p>\u00catre en situation de pr\u00e9carit\u00e9, de pauvret\u00e9 et\/ou d\u2019isolement social constitue une barri\u00e8re \u00e0 l\u2019acc\u00e8s aux soins de bien-\u00eatre, d\u2019esth\u00e9tisme et d\u2019hygi\u00e8ne. Pour autant, il para\u00eet indispensable de maintenir du lien social et de continuer \u00e0 prendre de soi afin de garder la motivation et l\u2019envie d\u2019avancer et une bonne estime de soi-m\u00eame.<\/p>\n<p>En socio-esth\u00e9tique, on adopte une approche particuli\u00e8re avec ce public pour qui les soins d\u2019hygi\u00e8ne et d\u2019esth\u00e9tisme ne sont plus toujours une priorit\u00e9. L\u2019objectif de leur redonner go\u00fbt \u00e0 prendre soin d\u2019eux au quotidien, au travers de s\u00e9ances individuelles ou d\u2019ateliers collectifs autour de soins de socio-esth\u00e9tique simples et accessibles. Il est parfois n\u00e9cessaire de revoir les bases de l\u2019hygi\u00e8ne, puis si les personnes le souhaitent nous pouvons approfondir avec des soins plus complexes incluant des produits cosm\u00e9tiques abordables ou faits-maison.<\/p>\n<p>La socio-esth\u00e9ticienne prend \u00e9galement en compte la souffrance psychologique que peuvent ressentir ces personnes et adopte une posture empathique, bienveillante et respectueuse. Les soins de bien-\u00eatre qu\u2019elle propose leur permet de se d\u00e9tendre et d\u2019oublier un instant leurs probl\u00e8mes.<\/p>\n<\/div>\n<\/div>\n\t\t\n<style>\n#text-1901565000 {\n  text-align: left;\n}\n<\/style>\n\t<\/div>\n\t\n\n\t\t<\/div>\n\t\t\t\t\t<\/div>\n\n\t\n\n<\/div>\n\n\t\t<\/div>\n\n\t\t\n<style>\n#section_70194747 {\n  padding-top: 30px;\n  padding-bottom: 30px;\n}\n<\/style>\n\t<\/section>\n\t\n\n\t<section class=\"section\" id=\"section_1962157196\">\n\t\t<div class=\"section-bg fill\" >\n\t\t\t\t\t\t\t\t\t\n\t\t\t\n\n\t\t<\/div>\n\n\t\t\n\n\t\t<div class=\"section-content relative\">\n\t\t\t\n\n<div class=\"row align-middle align-center\" style=\"max-width:1200px\" id=\"row-213737765\">\n\n\n\t<div id=\"col-1663755101\" class=\"col medium-10 small-12 large-6\"  >\n\t\t\t\t<div class=\"col-inner\"  >\n\t\t\t\n\t\t\t\n\n\t<div id=\"gap-1150215651\" class=\"gap-element clearfix\" style=\"display:block; height:auto;\">\n\t\t\n<style>\n#gap-1150215651 {\n  padding-top: 30px;\n}\n<\/style>\n\t<\/div>\n\t\n\n\t<div id=\"text-1023997131\" class=\"text\">\n\t\t\n\n<h2 dir=\"ltr\"><strong>Accompagnement des proches aidants<\/strong><\/h2>\n\t\t\n<style>\n#text-1023997131 {\n  font-size: 1.5rem;\n  text-align: center;\n  color: rgb(0,0,0);\n}\n#text-1023997131 > * {\n  color: rgb(0,0,0);\n}\n<\/style>\n\t<\/div>\n\t\n\t<div id=\"gap-122951159\" class=\"gap-element clearfix\" style=\"display:block; height:auto;\">\n\t\t\n<style>\n#gap-122951159 {\n  padding-top: 10px;\n}\n<\/style>\n\t<\/div>\n\t\n\n\t<div id=\"text-2890104860\" class=\"text\">\n\t\t\n\n<div class=\"sc-eqPNPO kOPUPj\">\n<div id=\"headline-a49549a4\" class=\"sc-iGPElx dCwVts\">\n<p>Un proche aidant est une personne qui, sans \u00eatre professionnel ou b\u00e9n\u00e9vole, intervient aupr\u00e8s d\u2019un proche malade, \u00e2g\u00e9 ou en situation de handicap. Il l\u2019accompagne, quotidiennement ou presque, dans les gestes de la vie quotidienne. Cette situation peut vite devenir lourde et difficile tant au niveau physique qu\u2019en terme de charge psychologique.<\/p>\n<p>En groupe ou en individuel, l\u2019approche de la socio-esth\u00e9tique permet aux proches aidants de s\u2019offrir un moment de r\u00e9pit afin de s\u2019accorder du temps rien que pour eux et d\u2019\u00e9changer avec d\u2019autres personnes qui se trouvent dans la m\u00eame situation. Le partage d\u2019exp\u00e9rience est tr\u00e8s enrichissant et cela am\u00e8ne chacun(e) \u00e0 se sentir compris(e) et moins seul(e).<\/p>\n<\/div>\n<\/div>\n\t\t\n<style>\n#text-2890104860 {\n  text-align: left;\n  color: rgb(255,255,255);\n}\n#text-2890104860 > * {\n  color: rgb(255,255,255);\n}\n<\/style>\n\t<\/div>\n\t\n\n\t\t<\/div>\n\t\t\t\t\t<\/div>\n\n\t\n\n\t<div id=\"col-791395468\" class=\"col medium-10 small-12 large-6\"  >\n\t\t\t\t<div class=\"col-inner text-center\"  >\n\t\t\t\n\t\t\t\n\n\t<div class=\"img has-hover x md-x lg-x y md-y lg-y\" id=\"image_868036931\">\n\t\t\t\t\t\t\t\t<div class=\"img-inner dark\" >\n\t\t\t<img decoding=\"async\" src=\"https:\/\/parenthesebien-etre.fr\/wp-content\/uploads\/2024\/09\/IMG_1913.heic\" class=\"attachment-original size-original\" alt=\"Rendez vous avec Elo\u00efse - Socio-esth\u00e9tique - Parenth\u00e8se Bien-\u00eatre\" \/>\t\t\t\t\t\t\n\t\t\t\t\t<\/div>\n\t\t\t\t\t\t\t\t\n<style>\n#image_868036931 {\n  width: 78%;\n}\n<\/style>\n\t<\/div>\n\t\n\n\n\t\t<\/div>\n\t\t\t\t\t<\/div>\n\n\t\n\n<\/div>\n\n\t\t<\/div>\n\n\t\t\n<style>\n#section_1962157196 {\n  padding-top: 30px;\n  padding-bottom: 30px;\n  background-color: #f9ae8f;\n}\n<\/style>\n\t<\/section>\n\t\n\n","protected":false},"excerpt":{"rendered":"","protected":false},"author":4,"featured_media":0,"parent":0,"menu_order":0,"comment_status":"closed","ping_status":"closed","template":"page-transparent-header-light.php","meta":{"footnotes":""},"class_list":["post-189","page","type-page","status-publish","hentry"],"yoast_head":"<!-- This site is optimized with the Yoast SEO plugin v27.1.1 - https:\/\/yoast.com\/product\/yoast-seo-wordpress\/ -->\n<title>La socio-esth\u00e9tique - Parenthese bien etre<\/title>\n<meta name=\"description\" content=\"D\u00e9couvrez le m\u00e9tier de socio-esth\u00e9ticienne avec Parenth\u00e8se Bien-\u00catre \u00e0 Angers. Apprenez comment nos soins de beaut\u00e9 et de bien-\u00eatre sont adapt\u00e9s aux besoins des personnes fragilis\u00e9es, en milieu hospitalier ou en maison de retraite. Plongez dans l\u2019univers de la socio-esth\u00e9tique et offrez \u00e0 vos proches une exp\u00e9rience de soins bienfaisante.\" \/>\n<meta name=\"robots\" content=\"index, follow, max-snippet:-1, max-image-preview:large, max-video-preview:-1\" \/>\n<link rel=\"canonical\" href=\"https:\/\/parenthesebien-etre.fr\/index.php\/la-socio-esthetique-2\/\" \/>\n<meta property=\"og:locale\" content=\"fr_FR\" \/>\n<meta property=\"og:type\" content=\"article\" \/>\n<meta property=\"og:title\" content=\"La socio-esth\u00e9tique - Parenthese bien etre\" \/>\n<meta property=\"og:description\" content=\"D\u00e9couvrez le m\u00e9tier de socio-esth\u00e9ticienne avec Parenth\u00e8se Bien-\u00catre \u00e0 Angers. Apprenez comment nos soins de beaut\u00e9 et de bien-\u00eatre sont adapt\u00e9s aux besoins des personnes fragilis\u00e9es, en milieu hospitalier ou en maison de retraite. Plongez dans l\u2019univers de la socio-esth\u00e9tique et offrez \u00e0 vos proches une exp\u00e9rience de soins bienfaisante.\" \/>\n<meta property=\"og:url\" content=\"https:\/\/parenthesebien-etre.fr\/index.php\/la-socio-esthetique-2\/\" \/>\n<meta property=\"og:site_name\" content=\"Parenthese bien etre\" \/>\n<meta property=\"article:modified_time\" content=\"2025-02-25T09:57:31+00:00\" \/>\n<meta name=\"twitter:card\" content=\"summary_large_image\" \/>\n<meta name=\"twitter:label1\" content=\"Dur\u00e9e de lecture estim\u00e9e\" \/>\n\t<meta name=\"twitter:data1\" content=\"9 minutes\" \/>\n<script type=\"application\/ld+json\" class=\"yoast-schema-graph\">{\"@context\":\"https:\/\/schema.org\",\"@graph\":[{\"@type\":\"WebPage\",\"@id\":\"https:\/\/parenthesebien-etre.fr\/index.php\/la-socio-esthetique-2\/\",\"url\":\"https:\/\/parenthesebien-etre.fr\/index.php\/la-socio-esthetique-2\/\",\"name\":\"La socio-esth\u00e9tique - Parenthese bien etre\",\"isPartOf\":{\"@id\":\"https:\/\/parenthesebien-etre.fr\/#website\"},\"datePublished\":\"2024-10-16T12:48:37+00:00\",\"dateModified\":\"2025-02-25T09:57:31+00:00\",\"description\":\"D\u00e9couvrez le m\u00e9tier de socio-esth\u00e9ticienne avec Parenth\u00e8se Bien-\u00catre \u00e0 Angers. Apprenez comment nos soins de beaut\u00e9 et de bien-\u00eatre sont adapt\u00e9s aux besoins des personnes fragilis\u00e9es, en milieu hospitalier ou en maison de retraite. Plongez dans l\u2019univers de la socio-esth\u00e9tique et offrez \u00e0 vos proches une exp\u00e9rience de soins bienfaisante.\",\"breadcrumb\":{\"@id\":\"https:\/\/parenthesebien-etre.fr\/index.php\/la-socio-esthetique-2\/#breadcrumb\"},\"inLanguage\":\"fr-FR\",\"potentialAction\":[{\"@type\":\"ReadAction\",\"target\":[\"https:\/\/parenthesebien-etre.fr\/index.php\/la-socio-esthetique-2\/\"]}]},{\"@type\":\"BreadcrumbList\",\"@id\":\"https:\/\/parenthesebien-etre.fr\/index.php\/la-socio-esthetique-2\/#breadcrumb\",\"itemListElement\":[{\"@type\":\"ListItem\",\"position\":1,\"name\":\"Accueil\",\"item\":\"https:\/\/parenthesebien-etre.fr\/\"},{\"@type\":\"ListItem\",\"position\":2,\"name\":\"La socio-esth\u00e9tique\"}]},{\"@type\":\"WebSite\",\"@id\":\"https:\/\/parenthesebien-etre.fr\/#website\",\"url\":\"https:\/\/parenthesebien-etre.fr\/\",\"name\":\"Parenthese bien etre\",\"description\":\"Profitez d&#039;un instant de bien-\u00eatre et de d\u00e9tente rien qu&#039;\u00e0 vous.\",\"potentialAction\":[{\"@type\":\"SearchAction\",\"target\":{\"@type\":\"EntryPoint\",\"urlTemplate\":\"https:\/\/parenthesebien-etre.fr\/?s={search_term_string}\"},\"query-input\":{\"@type\":\"PropertyValueSpecification\",\"valueRequired\":true,\"valueName\":\"search_term_string\"}}],\"inLanguage\":\"fr-FR\"}]}<\/script>\n<!-- \/ Yoast SEO plugin. -->","yoast_head_json":{"title":"La socio-esth\u00e9tique - Parenthese bien etre","description":"D\u00e9couvrez le m\u00e9tier de socio-esth\u00e9ticienne avec Parenth\u00e8se Bien-\u00catre \u00e0 Angers. Apprenez comment nos soins de beaut\u00e9 et de bien-\u00eatre sont adapt\u00e9s aux besoins des personnes fragilis\u00e9es, en milieu hospitalier ou en maison de retraite. Plongez dans l\u2019univers de la socio-esth\u00e9tique et offrez \u00e0 vos proches une exp\u00e9rience de soins bienfaisante.","robots":{"index":"index","follow":"follow","max-snippet":"max-snippet:-1","max-image-preview":"max-image-preview:large","max-video-preview":"max-video-preview:-1"},"canonical":"https:\/\/parenthesebien-etre.fr\/index.php\/la-socio-esthetique-2\/","og_locale":"fr_FR","og_type":"article","og_title":"La socio-esth\u00e9tique - Parenthese bien etre","og_description":"D\u00e9couvrez le m\u00e9tier de socio-esth\u00e9ticienne avec Parenth\u00e8se Bien-\u00catre \u00e0 Angers. Apprenez comment nos soins de beaut\u00e9 et de bien-\u00eatre sont adapt\u00e9s aux besoins des personnes fragilis\u00e9es, en milieu hospitalier ou en maison de retraite. Plongez dans l\u2019univers de la socio-esth\u00e9tique et offrez \u00e0 vos proches une exp\u00e9rience de soins bienfaisante.","og_url":"https:\/\/parenthesebien-etre.fr\/index.php\/la-socio-esthetique-2\/","og_site_name":"Parenthese bien etre","article_modified_time":"2025-02-25T09:57:31+00:00","twitter_card":"summary_large_image","twitter_misc":{"Dur\u00e9e de lecture estim\u00e9e":"9 minutes"},"schema":{"@context":"https:\/\/schema.org","@graph":[{"@type":"WebPage","@id":"https:\/\/parenthesebien-etre.fr\/index.php\/la-socio-esthetique-2\/","url":"https:\/\/parenthesebien-etre.fr\/index.php\/la-socio-esthetique-2\/","name":"La socio-esth\u00e9tique - Parenthese bien etre","isPartOf":{"@id":"https:\/\/parenthesebien-etre.fr\/#website"},"datePublished":"2024-10-16T12:48:37+00:00","dateModified":"2025-02-25T09:57:31+00:00","description":"D\u00e9couvrez le m\u00e9tier de socio-esth\u00e9ticienne avec Parenth\u00e8se Bien-\u00catre \u00e0 Angers. Apprenez comment nos soins de beaut\u00e9 et de bien-\u00eatre sont adapt\u00e9s aux besoins des personnes fragilis\u00e9es, en milieu hospitalier ou en maison de retraite. Plongez dans l\u2019univers de la socio-esth\u00e9tique et offrez \u00e0 vos proches une exp\u00e9rience de soins bienfaisante.","breadcrumb":{"@id":"https:\/\/parenthesebien-etre.fr\/index.php\/la-socio-esthetique-2\/#breadcrumb"},"inLanguage":"fr-FR","potentialAction":[{"@type":"ReadAction","target":["https:\/\/parenthesebien-etre.fr\/index.php\/la-socio-esthetique-2\/"]}]},{"@type":"BreadcrumbList","@id":"https:\/\/parenthesebien-etre.fr\/index.php\/la-socio-esthetique-2\/#breadcrumb","itemListElement":[{"@type":"ListItem","position":1,"name":"Accueil","item":"https:\/\/parenthesebien-etre.fr\/"},{"@type":"ListItem","position":2,"name":"La socio-esth\u00e9tique"}]},{"@type":"WebSite","@id":"https:\/\/parenthesebien-etre.fr\/#website","url":"https:\/\/parenthesebien-etre.fr\/","name":"Parenthese bien etre","description":"Profitez d&#039;un instant de bien-\u00eatre et de d\u00e9tente rien qu&#039;\u00e0 vous.","potentialAction":[{"@type":"SearchAction","target":{"@type":"EntryPoint","urlTemplate":"https:\/\/parenthesebien-etre.fr\/?s={search_term_string}"},"query-input":{"@type":"PropertyValueSpecification","valueRequired":true,"valueName":"search_term_string"}}],"inLanguage":"fr-FR"}]}},"_links":{"self":[{"href":"https:\/\/parenthesebien-etre.fr\/index.php\/wp-json\/wp\/v2\/pages\/189","targetHints":{"allow":["GET"]}}],"collection":[{"href":"https:\/\/parenthesebien-etre.fr\/index.php\/wp-json\/wp\/v2\/pages"}],"about":[{"href":"https:\/\/parenthesebien-etre.fr\/index.php\/wp-json\/wp\/v2\/types\/page"}],"author":[{"embeddable":true,"href":"https:\/\/parenthesebien-etre.fr\/index.php\/wp-json\/wp\/v2\/users\/4"}],"replies":[{"embeddable":true,"href":"https:\/\/parenthesebien-etre.fr\/index.php\/wp-json\/wp\/v2\/comments?post=189"}],"version-history":[{"count":16,"href":"https:\/\/parenthesebien-etre.fr\/index.php\/wp-json\/wp\/v2\/pages\/189\/revisions"}],"predecessor-version":[{"id":328,"href":"https:\/\/parenthesebien-etre.fr\/index.php\/wp-json\/wp\/v2\/pages\/189\/revisions\/328"}],"wp:attachment":[{"href":"https:\/\/parenthesebien-etre.fr\/index.php\/wp-json\/wp\/v2\/media?parent=189"}],"curies":[{"name":"wp","href":"https:\/\/api.w.org\/{rel}","templated":true}]}}